{"id":687,"date":"2021-02-11T16:37:30","date_gmt":"2021-02-11T16:37:30","guid":{"rendered":"http:\/\/pert2020.wpengine.com\/closing-the-12k-gap-improving-employment-of-quebecs-english-community-conference-report\/"},"modified":"2022-02-17T01:48:01","modified_gmt":"2022-02-17T01:48:01","slug":"combler-lecart-de-12-000-emplois-ameliorer-lemploi-pour-la-communaute-dexpression-anglaise-du-quebec-rapport-de-conference","status":"publish","type":"page","link":"https:\/\/pertquebec.ca\/fr\/combler-lecart-de-12-000-emplois-ameliorer-lemploi-pour-la-communaute-dexpression-anglaise-du-quebec-rapport-de-conference\/","title":{"rendered":"Combler l&rsquo;\u00e9cart de 12 000 Emplois : am\u00e9liorer l&#8217;emploi pour la communaut\u00e9 d&rsquo;expression anglaise du Qu\u00e9bec &#8211; rapport de conf\u00e9rence"},"content":{"rendered":"<p><a href=\"http:\/\/pertquebec.ca\/wp-content\/uploads\/2021\/02\/Conference_Report_-_French.pdf\"><img loading=\"lazy\" decoding=\"async\" class=\"alignnone wp-image-1020 size-full\" src=\"https:\/\/pertquebec.ca\/wp-content\/uploads\/2022\/02\/Conference_Report_-_French-1-e1644530751565.png\" alt=\"\" width=\"1266\" height=\"672\" srcset=\"https:\/\/pertquebec.ca\/wp-content\/uploads\/2022\/02\/Conference_Report_-_French-1-e1644530751565.png 1266w, https:\/\/pertquebec.ca\/wp-content\/uploads\/2022\/02\/Conference_Report_-_French-1-e1644530751565-300x159.png 300w, https:\/\/pertquebec.ca\/wp-content\/uploads\/2022\/02\/Conference_Report_-_French-1-e1644530751565-1024x544.png 1024w, https:\/\/pertquebec.ca\/wp-content\/uploads\/2022\/02\/Conference_Report_-_French-1-e1644530751565-768x408.png 768w\" sizes=\"auto, (max-width: 1266px) 100vw, 1266px\" \/><\/a><\/p>\n<table>\n<tbody>\n<tr>\n<td>\n<h3>Contributeurs<\/h3>\n<\/td>\n<td><\/td>\n<td colspan=\"2\">\n<h3>\u00c0 propos de ce rapport<\/h3>\n<\/td>\n<\/tr>\n<tr>\n<td><strong>Hugh Maynard,\u00a0<\/strong>Principal Consultant<\/p>\n<p><strong>Iris Unger, <\/strong>Principal Consultant<\/p>\n<p>&nbsp;<\/p>\n<p><a href=\"http:\/\/pertquebec.ca\/wp-content\/uploads\/2021\/02\/Conference_Report_-_French.pdf\"><img loading=\"lazy\" decoding=\"async\" class=\"alignnone wp-image-1018 size-medium\" src=\"https:\/\/pertquebec.ca\/wp-content\/uploads\/2022\/02\/Conference_Report_-_French-232x300.png\" alt=\"\" width=\"232\" height=\"300\" srcset=\"https:\/\/pertquebec.ca\/wp-content\/uploads\/2022\/02\/Conference_Report_-_French-232x300.png 232w, https:\/\/pertquebec.ca\/wp-content\/uploads\/2022\/02\/Conference_Report_-_French-791x1024.png 791w, https:\/\/pertquebec.ca\/wp-content\/uploads\/2022\/02\/Conference_Report_-_French-768x994.png 768w, https:\/\/pertquebec.ca\/wp-content\/uploads\/2022\/02\/Conference_Report_-_French-1187x1536.png 1187w, https:\/\/pertquebec.ca\/wp-content\/uploads\/2022\/02\/Conference_Report_-_French.png 1275w\" sizes=\"auto, (max-width: 232px) 100vw, 232px\" \/><\/a><\/p>\n<p><a href=\"http:\/\/pertquebec.ca\/wp-content\/uploads\/2021\/02\/Conference_Report_-_French.pdf\"><img loading=\"lazy\" decoding=\"async\" class=\"alignnone wp-image-1024 size-medium\" src=\"https:\/\/pertquebec.ca\/wp-content\/uploads\/2022\/02\/Add-a-subheading-2-1-300x97.png\" alt=\"\" width=\"300\" height=\"97\" srcset=\"https:\/\/pertquebec.ca\/wp-content\/uploads\/2022\/02\/Add-a-subheading-2-1-300x97.png 300w, https:\/\/pertquebec.ca\/wp-content\/uploads\/2022\/02\/Add-a-subheading-2-1-1024x331.png 1024w, https:\/\/pertquebec.ca\/wp-content\/uploads\/2022\/02\/Add-a-subheading-2-1-768x248.png 768w, https:\/\/pertquebec.ca\/wp-content\/uploads\/2022\/02\/Add-a-subheading-2-1-1536x497.png 1536w, https:\/\/pertquebec.ca\/wp-content\/uploads\/2022\/02\/Add-a-subheading-2-1.png 2000w\" sizes=\"auto, (max-width: 300px) 100vw, 300px\" \/><\/a><\/p>\n<p>&nbsp;<\/td>\n<td style=\"padding-left: 120px;\"><\/td>\n<td colspan=\"2\">Ce rapport sur les d\u00e9fis en mati\u00e8re d&#8217;emploi et d&#8217;employabilit\u00e9 auxquels fait face la communaut\u00e9 anglophone du Qu\u00e9bec et les recommandations sur la fa\u00e7on de les relever a \u00e9t\u00e9 pr\u00e9par\u00e9 par YES Employment + Entrepreneurship (anciennement YES) et la Table ronde provinciale sur l&#8217;emploi (PERT).<\/p>\n<p>Le 22 novembre 2019, la Table ronde provinciale sur l&#8217;emploi (PERT) a r\u00e9uni 96 membres de la communaut\u00e9 repr\u00e9sentant 58 organisations uniques pour discuter des probl\u00e8mes et des d\u00e9fis auxquels la communaut\u00e9 anglophone est confront\u00e9e en mati\u00e8re d&#8217;emploi, ainsi que pour r\u00e9diger des recommandations sur les principaux probl\u00e8mes identifi\u00e9s au cours de l&rsquo;\u00e9t\u00e9 2019. Tel que mentionn\u00e9 pr\u00e9c\u00e9demment, les participants ont exprim\u00e9 le d\u00e9sir de produire des solutions r\u00e9alisables que la communaut\u00e9 pourrait pr\u00e9senter au gouvernement du Qu\u00e9bec pour qu&rsquo;il les aborde dans un cadre de collaboration.<\/p>\n<h4>Principales conclusions :<\/h4>\n<ul>\n<li>Selon le recensement de 2016, il y avait environ 12 000 personnes anglophones au ch\u00f4mage de plus que de personnes francophones par rapport \u00e0 la proportion de chaque groupe linguistique au sein de la population totale<\/li>\n<li>Plus de la moiti\u00e9 des Qu\u00e9b\u00e9cois d&rsquo;expression anglaise n\u00e9s au Qu\u00e9bec vivent maintenant \u00e0 l&rsquo;ext\u00e9rieur de la province. Ceux qui ont<br \/>\nceux qui ont un niveau d&rsquo;instruction plus \u00e9lev\u00e9 sont plus susceptibles de partir.<\/li>\n<li>Les effets de la crise de Covid-19 sur l&rsquo;\u00e9conomie du Qu\u00e9bec risquent de toucher de fa\u00e7on disproportionn\u00e9e la population des Qu\u00e9b\u00e9cois d&rsquo;expression anglaise et d&rsquo;accro\u00eetre des probl\u00e8mes d&#8217;emploi syst\u00e9miques de longue date. disproportionnellement la population anglophone et d&rsquo;accro\u00eetre les probl\u00e8mes syst\u00e9miques d&#8217;emploi auxquels d&#8217;emploi auxquels la communaut\u00e9 est confront\u00e9e.<\/li>\n<li>L&rsquo;apprentissage du fran\u00e7ais continue d&rsquo;\u00eatre le plus grand obstacle \u00e0 la capacit\u00e9 d&rsquo;un Qu\u00e9b\u00e9cois d&rsquo;expression anglaise de trouver, de conserver et de progresser au sein de la main-d&rsquo;\u0153uvre qu\u00e9b\u00e9coise. au sein de la main-d&rsquo;\u0153uvre qu\u00e9b\u00e9coise.<\/li>\n<li>Il est n\u00e9cessaire d&rsquo;am\u00e9liorer l&rsquo;int\u00e9gration des Qu\u00e9b\u00e9cois d&rsquo;expression anglaise au sein de la fonction publique qu\u00e9b\u00e9coise.<\/li>\n<li>Il y a des d\u00e9fis \u00e0 relever en ce qui concerne l&rsquo;\u00e9laboration et la prestation de programmes d&#8217;emploi destin\u00e9s aux Qu\u00e9b\u00e9cois d&rsquo;expression anglaise.<\/li>\n<li>Il faut une plus grande souplesse dans les services que les organismes peuvent offrir afin de cr\u00e9er des programmes communautaires adapt\u00e9s \u00e0 la communaut\u00e9 et con\u00e7us pour am\u00e9liorer l&rsquo;int\u00e9gration des Qu\u00e9b\u00e9cois d&rsquo;expression anglaise sur le march\u00e9 du travail.<\/li>\n<\/ul>\n<\/td>\n<\/tr>\n<\/tbody>\n<\/table>\n<p>&nbsp;<\/p>\n","protected":false},"excerpt":{"rendered":"<p>Contributeurs \u00c0 propos de ce rapport Hugh Maynard,\u00a0Principal Consultant Iris Unger, Principal Consultant &nbsp; &nbsp; Ce rapport sur les d\u00e9fis en mati\u00e8re d&#8217;emploi et d&#8217;employabilit\u00e9 auxquels fait face la communaut\u00e9 anglophone du Qu\u00e9bec et les recommandations sur la fa\u00e7on de les relever a \u00e9t\u00e9 pr\u00e9par\u00e9 par YES Employment + Entrepreneurship (anciennement YES) et la Table [&hellip;]<\/p>\n","protected":false},"author":2,"featured_media":0,"parent":0,"menu_order":0,"comment_status":"closed","ping_status":"closed","template":"","meta":{"_price":"","_stock":"","_tribe_ticket_header":"","_tribe_default_ticket_provider":"","_tribe_ticket_capacity":"0","_ticket_start_date":"","_ticket_end_date":"","_tribe_ticket_show_description":"","_tribe_ticket_show_not_going":false,"_tribe_ticket_use_global_stock":"","_tribe_ticket_global_stock_level":"","_global_stock_mode":"","_global_stock_cap":"","_tribe_rsvp_for_event":"","_tribe_ticket_going_count":"","_tribe_ticket_not_going_count":"","_tribe_tickets_list":"[]","_tribe_ticket_has_attendee_info_fields":false,"footnotes":"","_tec_slr_enabled":"","_tec_slr_layout":""},"class_list":["post-687","page","type-page","status-publish","hentry"],"yoast_head":"<!-- This site is optimized with the Yoast SEO plugin v21.8 - https:\/\/yoast.com\/wordpress\/plugins\/seo\/ -->\n<title>PERT<\/title>\n<meta name=\"robots\" content=\"index, follow, max-snippet:-1, max-image-preview:large, max-video-preview:-1\" \/>\n<link rel=\"canonical\" href=\"https:\/\/pertquebec.ca\/fr\/combler-lecart-de-12-000-emplois-ameliorer-lemploi-pour-la-communaute-dexpression-anglaise-du-quebec-rapport-de-conference\/\" \/>\n<meta property=\"og:locale\" content=\"fr_FR\" \/>\n<meta property=\"og:type\" content=\"article\" \/>\n<meta property=\"og:title\" content=\"Combler l&#039;\u00e9cart de 12 000 Emplois : am\u00e9liorer l&#039;emploi pour la communaut\u00e9 d&#039;expression anglaise du Qu\u00e9bec - rapport de conf\u00e9rence - PERT\" \/>\n<meta property=\"og:description\" content=\"Contributeurs \u00c0 propos de ce rapport Hugh Maynard,\u00a0Principal Consultant Iris Unger, Principal Consultant &nbsp; &nbsp; Ce rapport sur les d\u00e9fis en mati\u00e8re d&#8217;emploi et d&#8217;employabilit\u00e9 auxquels fait face la communaut\u00e9 anglophone du Qu\u00e9bec et les recommandations sur la fa\u00e7on de les relever a \u00e9t\u00e9 pr\u00e9par\u00e9 par YES Employment + Entrepreneurship (anciennement YES) et la Table [&hellip;]\" \/>\n<meta property=\"og:url\" content=\"https:\/\/pertquebec.ca\/fr\/combler-lecart-de-12-000-emplois-ameliorer-lemploi-pour-la-communaute-dexpression-anglaise-du-quebec-rapport-de-conference\/\" \/>\n<meta property=\"og:site_name\" content=\"PERT\" \/>\n<meta property=\"article:modified_time\" content=\"2022-02-17T01:48:01+00:00\" \/>\n<meta property=\"og:image\" content=\"https:\/\/pertquebec.ca\/wp-content\/uploads\/2022\/02\/Conference_Report_-_French-1-e1644530751565.png\" \/>\n<meta name=\"twitter:card\" content=\"summary_large_image\" \/>\n<meta name=\"twitter:label1\" content=\"Dur\u00e9e de lecture estim\u00e9e\" \/>\n\t<meta name=\"twitter:data1\" content=\"2 minutes\" \/>\n<script type=\"application\/ld+json\" class=\"yoast-schema-graph\">{\"@context\":\"https:\/\/schema.org\",\"@graph\":[{\"@type\":\"WebPage\",\"@id\":\"https:\/\/pertquebec.ca\/fr\/combler-lecart-de-12-000-emplois-ameliorer-lemploi-pour-la-communaute-dexpression-anglaise-du-quebec-rapport-de-conference\/\",\"url\":\"https:\/\/pertquebec.ca\/fr\/combler-lecart-de-12-000-emplois-ameliorer-lemploi-pour-la-communaute-dexpression-anglaise-du-quebec-rapport-de-conference\/\",\"name\":\"Combler l'\u00e9cart de 12 000 Emplois : am\u00e9liorer l'emploi pour la communaut\u00e9 d'expression anglaise du Qu\u00e9bec - rapport de conf\u00e9rence - PERT\",\"isPartOf\":{\"@id\":\"https:\/\/pertquebec.ca\/#website\"},\"datePublished\":\"2021-02-11T16:37:30+00:00\",\"dateModified\":\"2022-02-17T01:48:01+00:00\",\"breadcrumb\":{\"@id\":\"https:\/\/pertquebec.ca\/fr\/combler-lecart-de-12-000-emplois-ameliorer-lemploi-pour-la-communaute-dexpression-anglaise-du-quebec-rapport-de-conference\/#breadcrumb\"},\"inLanguage\":\"fr-FR\",\"potentialAction\":[{\"@type\":\"ReadAction\",\"target\":[\"https:\/\/pertquebec.ca\/fr\/combler-lecart-de-12-000-emplois-ameliorer-lemploi-pour-la-communaute-dexpression-anglaise-du-quebec-rapport-de-conference\/\"]}]},{\"@type\":\"BreadcrumbList\",\"@id\":\"https:\/\/pertquebec.ca\/fr\/combler-lecart-de-12-000-emplois-ameliorer-lemploi-pour-la-communaute-dexpression-anglaise-du-quebec-rapport-de-conference\/#breadcrumb\",\"itemListElement\":[{\"@type\":\"ListItem\",\"position\":1,\"name\":\"Home\",\"item\":\"https:\/\/pertquebec.ca\/fr\/\"},{\"@type\":\"ListItem\",\"position\":2,\"name\":\"Combler l&rsquo;\u00e9cart de 12 000 Emplois : am\u00e9liorer l&#8217;emploi pour la communaut\u00e9 d&rsquo;expression anglaise du Qu\u00e9bec &#8211; rapport de conf\u00e9rence\"}]},{\"@type\":\"WebSite\",\"@id\":\"https:\/\/pertquebec.ca\/#website\",\"url\":\"https:\/\/pertquebec.ca\/\",\"name\":\"PERT\",\"description\":\"\",\"publisher\":{\"@id\":\"https:\/\/pertquebec.ca\/#organization\"},\"potentialAction\":[{\"@type\":\"SearchAction\",\"target\":{\"@type\":\"EntryPoint\",\"urlTemplate\":\"https:\/\/pertquebec.ca\/?s={search_term_string}\"},\"query-input\":\"required name=search_term_string\"}],\"inLanguage\":\"fr-FR\"},{\"@type\":\"Organization\",\"@id\":\"https:\/\/pertquebec.ca\/#organization\",\"name\":\"PERT\",\"url\":\"https:\/\/pertquebec.ca\/\",\"logo\":{\"@type\":\"ImageObject\",\"inLanguage\":\"fr-FR\",\"@id\":\"https:\/\/pertquebec.ca\/#\/schema\/logo\/image\/\",\"url\":\"https:\/\/pertquebec.ca\/wp-content\/uploads\/2020\/09\/cropped-Big-icon-logo-red-min.png\",\"contentUrl\":\"https:\/\/pertquebec.ca\/wp-content\/uploads\/2020\/09\/cropped-Big-icon-logo-red-min.png\",\"width\":512,\"height\":512,\"caption\":\"PERT\"},\"image\":{\"@id\":\"https:\/\/pertquebec.ca\/#\/schema\/logo\/image\/\"}}]}<\/script>\n<!-- \/ Yoast SEO plugin. -->","yoast_head_json":{"title":"PERT","robots":{"index":"index","follow":"follow","max-snippet":"max-snippet:-1","max-image-preview":"max-image-preview:large","max-video-preview":"max-video-preview:-1"},"canonical":"https:\/\/pertquebec.ca\/fr\/combler-lecart-de-12-000-emplois-ameliorer-lemploi-pour-la-communaute-dexpression-anglaise-du-quebec-rapport-de-conference\/","og_locale":"fr_FR","og_type":"article","og_title":"Combler l'\u00e9cart de 12 000 Emplois : am\u00e9liorer l'emploi pour la communaut\u00e9 d'expression anglaise du Qu\u00e9bec - rapport de conf\u00e9rence - PERT","og_description":"Contributeurs \u00c0 propos de ce rapport Hugh Maynard,\u00a0Principal Consultant Iris Unger, Principal Consultant &nbsp; &nbsp; Ce rapport sur les d\u00e9fis en mati\u00e8re d&#8217;emploi et d&#8217;employabilit\u00e9 auxquels fait face la communaut\u00e9 anglophone du Qu\u00e9bec et les recommandations sur la fa\u00e7on de les relever a \u00e9t\u00e9 pr\u00e9par\u00e9 par YES Employment + Entrepreneurship (anciennement YES) et la Table [&hellip;]","og_url":"https:\/\/pertquebec.ca\/fr\/combler-lecart-de-12-000-emplois-ameliorer-lemploi-pour-la-communaute-dexpression-anglaise-du-quebec-rapport-de-conference\/","og_site_name":"PERT","article_modified_time":"2022-02-17T01:48:01+00:00","og_image":[{"url":"https:\/\/pertquebec.ca\/wp-content\/uploads\/2022\/02\/Conference_Report_-_French-1-e1644530751565.png"}],"twitter_card":"summary_large_image","twitter_misc":{"Dur\u00e9e de lecture estim\u00e9e":"2 minutes"},"schema":{"@context":"https:\/\/schema.org","@graph":[{"@type":"WebPage","@id":"https:\/\/pertquebec.ca\/fr\/combler-lecart-de-12-000-emplois-ameliorer-lemploi-pour-la-communaute-dexpression-anglaise-du-quebec-rapport-de-conference\/","url":"https:\/\/pertquebec.ca\/fr\/combler-lecart-de-12-000-emplois-ameliorer-lemploi-pour-la-communaute-dexpression-anglaise-du-quebec-rapport-de-conference\/","name":"Combler l'\u00e9cart de 12 000 Emplois : am\u00e9liorer l'emploi pour la communaut\u00e9 d'expression anglaise du Qu\u00e9bec - rapport de conf\u00e9rence - PERT","isPartOf":{"@id":"https:\/\/pertquebec.ca\/#website"},"datePublished":"2021-02-11T16:37:30+00:00","dateModified":"2022-02-17T01:48:01+00:00","breadcrumb":{"@id":"https:\/\/pertquebec.ca\/fr\/combler-lecart-de-12-000-emplois-ameliorer-lemploi-pour-la-communaute-dexpression-anglaise-du-quebec-rapport-de-conference\/#breadcrumb"},"inLanguage":"fr-FR","potentialAction":[{"@type":"ReadAction","target":["https:\/\/pertquebec.ca\/fr\/combler-lecart-de-12-000-emplois-ameliorer-lemploi-pour-la-communaute-dexpression-anglaise-du-quebec-rapport-de-conference\/"]}]},{"@type":"BreadcrumbList","@id":"https:\/\/pertquebec.ca\/fr\/combler-lecart-de-12-000-emplois-ameliorer-lemploi-pour-la-communaute-dexpression-anglaise-du-quebec-rapport-de-conference\/#breadcrumb","itemListElement":[{"@type":"ListItem","position":1,"name":"Home","item":"https:\/\/pertquebec.ca\/fr\/"},{"@type":"ListItem","position":2,"name":"Combler l&rsquo;\u00e9cart de 12 000 Emplois : am\u00e9liorer l&#8217;emploi pour la communaut\u00e9 d&rsquo;expression anglaise du Qu\u00e9bec &#8211; rapport de conf\u00e9rence"}]},{"@type":"WebSite","@id":"https:\/\/pertquebec.ca\/#website","url":"https:\/\/pertquebec.ca\/","name":"PERT","description":"","publisher":{"@id":"https:\/\/pertquebec.ca\/#organization"},"potentialAction":[{"@type":"SearchAction","target":{"@type":"EntryPoint","urlTemplate":"https:\/\/pertquebec.ca\/?s={search_term_string}"},"query-input":"required name=search_term_string"}],"inLanguage":"fr-FR"},{"@type":"Organization","@id":"https:\/\/pertquebec.ca\/#organization","name":"PERT","url":"https:\/\/pertquebec.ca\/","logo":{"@type":"ImageObject","inLanguage":"fr-FR","@id":"https:\/\/pertquebec.ca\/#\/schema\/logo\/image\/","url":"https:\/\/pertquebec.ca\/wp-content\/uploads\/2020\/09\/cropped-Big-icon-logo-red-min.png","contentUrl":"https:\/\/pertquebec.ca\/wp-content\/uploads\/2020\/09\/cropped-Big-icon-logo-red-min.png","width":512,"height":512,"caption":"PERT"},"image":{"@id":"https:\/\/pertquebec.ca\/#\/schema\/logo\/image\/"}}]}},"ticketed":false,"_links":{"self":[{"href":"https:\/\/pertquebec.ca\/fr\/wp-json\/wp\/v2\/pages\/687","targetHints":{"allow":["GET"]}}],"collection":[{"href":"https:\/\/pertquebec.ca\/fr\/wp-json\/wp\/v2\/pages"}],"about":[{"href":"https:\/\/pertquebec.ca\/fr\/wp-json\/wp\/v2\/types\/page"}],"author":[{"embeddable":true,"href":"https:\/\/pertquebec.ca\/fr\/wp-json\/wp\/v2\/users\/2"}],"replies":[{"embeddable":true,"href":"https:\/\/pertquebec.ca\/fr\/wp-json\/wp\/v2\/comments?post=687"}],"version-history":[{"count":0,"href":"https:\/\/pertquebec.ca\/fr\/wp-json\/wp\/v2\/pages\/687\/revisions"}],"wp:attachment":[{"href":"https:\/\/pertquebec.ca\/fr\/wp-json\/wp\/v2\/media?parent=687"}],"curies":[{"name":"wp","href":"https:\/\/api.w.org\/{rel}","templated":true}]}}